{"id":364,"date":"2024-05-11T11:11:42","date_gmt":"2024-05-11T11:11:42","guid":{"rendered":"https:\/\/tonspuren.org\/?page_id=364"},"modified":"2024-10-29T11:19:22","modified_gmt":"2024-10-29T11:19:22","slug":"raoul-herget-peter-samek","status":"publish","type":"page","link":"https:\/\/tonspuren.org\/?page_id=364","title":{"rendered":"Raoul Herget &amp; Peter Samek"},"content":{"rendered":"\t\t<div data-elementor-type=\"wp-page\" data-elementor-id=\"364\" class=\"elementor elementor-364\">\n\t\t\t\t<div class=\"elementor-element elementor-element-1f49c2e e-flex e-con-boxed e-con e-parent\" data-id=\"1f49c2e\" data-element_type=\"container\" data-e-type=\"container\">\n\t\t\t\t\t<div class=\"e-con-inner\">\n\t\t<div class=\"elementor-element elementor-element-386b5e9 e-con-full e-flex e-con e-child\" data-id=\"386b5e9\" data-element_type=\"container\" data-e-type=\"container\">\n\t\t\t\t<div class=\"elementor-element elementor-element-afe26ff elementor-widget elementor-widget-image\" data-id=\"afe26ff\" data-element_type=\"widget\" data-e-type=\"widget\" data-widget_type=\"image.default\">\n\t\t\t\t<div class=\"elementor-widget-container\">\n\t\t\t\t\t\t\t\t\t\t\t\t\t\t\t<img fetchpriority=\"high\" decoding=\"async\" width=\"633\" height=\"633\" src=\"https:\/\/tonspuren.org\/wp-content\/uploads\/2024\/05\/Peter-Raoul-3C-2.jpg\" class=\"attachment-large size-large wp-image-97\" alt=\"\" srcset=\"https:\/\/tonspuren.org\/wp-content\/uploads\/2024\/05\/Peter-Raoul-3C-2.jpg 633w, https:\/\/tonspuren.org\/wp-content\/uploads\/2024\/05\/Peter-Raoul-3C-2-300x300.jpg 300w, https:\/\/tonspuren.org\/wp-content\/uploads\/2024\/05\/Peter-Raoul-3C-2-150x150.jpg 150w\" sizes=\"(max-width: 633px) 100vw, 633px\" \/>\t\t\t\t\t\t\t\t\t\t\t\t\t\t\t<\/div>\n\t\t\t\t<\/div>\n\t\t\t\t<\/div>\n\t\t<div class=\"elementor-element elementor-element-8261bb4 e-con-full e-flex e-con e-child\" data-id=\"8261bb4\" data-element_type=\"container\" data-e-type=\"container\">\n\t\t\t\t<div class=\"elementor-element elementor-element-3606d566 elementor-widget elementor-widget-text-editor\" data-id=\"3606d566\" data-element_type=\"widget\" data-e-type=\"widget\" data-widget_type=\"text-editor.default\">\n\t\t\t\t<div class=\"elementor-widget-container\">\n\t\t\t\t\t\t\t\t\t<p><\/p>\n<p><span style=\"color: #ffffff;\"><strong>Peter Samek<\/strong>&nbsp;und&nbsp;<strong>Raoul Herget<\/strong>, zeichnen sich durch herausragende F\u00e4higkeiten auf der Mundharmonika, der Slidegitarre und der Tuba aus. Peter Samek, mit seiner authentischen Bluesstimme, hat intensive Studien bei Son House und <br>Robert Johnson und \u00e4hnlichen absolviert, was seine Gitarrenfertigkeiten pr\u00e4gt und sowohl klassische Bluesst\u00fccke als auch neue, erdige Songs hervorbringt.<br><br><\/span><\/p>\n<p><span style=\"color: #ffffff;\"><\/span><\/p>\n<p><span style=\"color: #ffffff;\">Raoul Herget, ein \u00f6sterreichischer Tubist, Sousaphonist und Cimbassospieler, <br>kann auf eine beeindruckende Zusammenarbeit mit renommierten K\u00fcnstlern wie Friedrich Gulda, Gil Evans und Franz Kogelmann zur\u00fcckblicken. <br>Seit 1992 leitet er die Josef-Matthias-Hauer-Musikschule in Wiener Neustadt und erhielt 2009 den Berufstitel Professor vom Bundesministerium <br>f\u00fcr Unterricht, Kunst und Kultur.<br><br><\/span><\/p>\n<p><span style=\"color: #ffffff;\"><\/span><\/p>\n<p><span style=\"color: #ffffff;\">Das Duo Samek und Herget trat erstmals vor 30 Jahren im Caf\u00e9 Witetschka auf <br>und fiel bereits damals durch seine virtuose Umsetzung von Blues-Klassikern und die ungew\u00f6hnliche Besetzung von Gitarre\/Mundharmonika und Tuba auf. <br>Diese einzigartige Kombination erm\u00f6glicht es den beiden Musikern, <br>den Blues aus dem Mississippi der 1920er und 30er Jahre einem breiten Publikum zug\u00e4nglich zu machen.<\/span><\/p>\n<p><\/p>\t\t\t\t\t\t\t\t<\/div>\n\t\t\t\t<\/div>\n\t\t\t\t<\/div>\n\t\t\t\t\t<\/div>\n\t\t\t\t<\/div>\n\t\t<div class=\"elementor-element elementor-element-2a45d7f e-con-full e-flex e-con e-parent\" data-id=\"2a45d7f\" data-element_type=\"container\" data-e-type=\"container\">\n\t\t<div class=\"elementor-element elementor-element-2d395c2 e-con-full e-flex e-con e-child\" data-id=\"2d395c2\" data-element_type=\"container\" data-e-type=\"container\">\n\t\t\t\t<\/div>\n\t\t<div class=\"elementor-element elementor-element-046bf60 e-con-full e-flex e-con e-child\" data-id=\"046bf60\" data-element_type=\"container\" data-e-type=\"container\">\n\t\t\t\t<div class=\"elementor-element elementor-element-369f8507 elementor-widget elementor-widget-button\" data-id=\"369f8507\" data-element_type=\"widget\" data-e-type=\"widget\" data-widget_type=\"button.default\">\n\t\t\t\t<div class=\"elementor-widget-container\">\n\t\t\t\t\t\t\t\t\t<div class=\"elementor-button-wrapper\">\n\t\t\t\t\t<a class=\"elementor-button elementor-button-link elementor-size-sm\" href=\"https:\/\/www.eventim-light.com\/at\/a\/65245179d546a07f2686e442\">\n\t\t\t\t\t\t<span class=\"elementor-button-content-wrapper\">\n\t\t\t\t\t\t<span class=\"elementor-button-icon\">\n\t\t\t\t<svg aria-hidden=\"true\" class=\"e-font-icon-svg e-fas-ticket-alt\" viewBox=\"0 0 576 512\" xmlns=\"http:\/\/www.w3.org\/2000\/svg\"><path d=\"M128 160h320v192H128V160zm400 96c0 26.51 21.49 48 48 48v96c0 26.51-21.49 48-48 48H48c-26.51 0-48-21.49-48-48v-96c26.51 0 48-21.49 48-48s-21.49-48-48-48v-96c0-26.51 21.49-48 48-48h480c26.51 0 48 21.49 48 48v96c-26.51 0-48 21.49-48 48zm-48-104c0-13.255-10.745-24-24-24H120c-13.255 0-24 10.745-24 24v208c0 13.255 10.745 24 24 24h336c13.255 0 24-10.745 24-24V152z\"><\/path><\/svg>\t\t\t<\/span>\n\t\t\t\t\t\t\t\t\t<span class=\"elementor-button-text\">Hier geht es zum Ticket Shop<\/span>\n\t\t\t\t\t<\/span>\n\t\t\t\t\t<\/a>\n\t\t\t\t<\/div>\n\t\t\t\t\t\t\t\t<\/div>\n\t\t\t\t<\/div>\n\t\t\t\t<\/div>\n\t\t\t\t<\/div>\n\t\t\t\t<\/div>\n\t\t","protected":false},"excerpt":{"rendered":"<p>Peter Samek&nbsp;und&nbsp;Raoul Herget, zeichnen sich durch herausragende F\u00e4higkeiten auf der Mundharmonika, der Slidegitarre und der Tuba aus. Peter Samek,.<\/p>\n","protected":false},"author":1,"featured_media":0,"parent":0,"menu_order":0,"comment_status":"closed","ping_status":"closed","template":"","meta":{"footnotes":""},"class_list":["post-364","page","type-page","status-publish","hentry"],"yoast_head":"<!-- This site is optimized with the Yoast SEO plugin v27.4 - https:\/\/yoast.com\/product\/yoast-seo-wordpress\/ -->\n<title>Raoul Herget &amp; Peter Samek - TONSPUREN 2026<\/title>\n<meta name=\"robots\" content=\"index, follow, max-snippet:-1, max-image-preview:large, max-video-preview:-1\" \/>\n<link rel=\"canonical\" href=\"https:\/\/tonspuren.org\/?page_id=364\" \/>\n<meta property=\"og:locale\" content=\"de_DE\" \/>\n<meta property=\"og:type\" content=\"article\" \/>\n<meta property=\"og:title\" content=\"Raoul Herget &amp; Peter Samek - TONSPUREN 2026\" \/>\n<meta property=\"og:description\" content=\"Peter Samek&nbsp;und&nbsp;Raoul Herget, zeichnen sich durch herausragende F\u00e4higkeiten auf der Mundharmonika, der Slidegitarre und der Tuba aus. Peter Samek,.\" \/>\n<meta property=\"og:url\" content=\"https:\/\/tonspuren.org\/?page_id=364\" \/>\n<meta property=\"og:site_name\" content=\"TONSPUREN 2026\" \/>\n<meta property=\"article:publisher\" content=\"https:\/\/www.facebook.com\/profile.php?id=61550600819924&amp;locale=de_DE\" \/>\n<meta property=\"article:modified_time\" content=\"2024-10-29T11:19:22+00:00\" \/>\n<meta property=\"og:image\" content=\"https:\/\/tonspuren.org\/wp-content\/uploads\/2024\/05\/Peter-Raoul-3C-2.jpg\" \/>\n\t<meta property=\"og:image:width\" content=\"633\" \/>\n\t<meta property=\"og:image:height\" content=\"633\" \/>\n\t<meta property=\"og:image:type\" content=\"image\/jpeg\" \/>\n<meta name=\"twitter:card\" content=\"summary_large_image\" \/>\n<meta name=\"twitter:label1\" content=\"Gesch\u00e4tzte Lesezeit\" \/>\n\t<meta name=\"twitter:data1\" content=\"2 Minuten\" \/>\n<script type=\"application\/ld+json\" class=\"yoast-schema-graph\">{\"@context\":\"https:\\\/\\\/schema.org\",\"@graph\":[{\"@type\":\"WebPage\",\"@id\":\"https:\\\/\\\/tonspuren.org\\\/?page_id=364\",\"url\":\"https:\\\/\\\/tonspuren.org\\\/?page_id=364\",\"name\":\"Raoul Herget &amp; Peter Samek - TONSPUREN 2026\",\"isPartOf\":{\"@id\":\"https:\\\/\\\/tonspuren.org\\\/#website\"},\"primaryImageOfPage\":{\"@id\":\"https:\\\/\\\/tonspuren.org\\\/?page_id=364#primaryimage\"},\"image\":{\"@id\":\"https:\\\/\\\/tonspuren.org\\\/?page_id=364#primaryimage\"},\"thumbnailUrl\":\"https:\\\/\\\/tonspuren.org\\\/wp-content\\\/uploads\\\/2024\\\/05\\\/Peter-Raoul-3C-2.jpg\",\"datePublished\":\"2024-05-11T11:11:42+00:00\",\"dateModified\":\"2024-10-29T11:19:22+00:00\",\"breadcrumb\":{\"@id\":\"https:\\\/\\\/tonspuren.org\\\/?page_id=364#breadcrumb\"},\"inLanguage\":\"de-AT\",\"potentialAction\":[{\"@type\":\"ReadAction\",\"target\":[\"https:\\\/\\\/tonspuren.org\\\/?page_id=364\"]}]},{\"@type\":\"ImageObject\",\"inLanguage\":\"de-AT\",\"@id\":\"https:\\\/\\\/tonspuren.org\\\/?page_id=364#primaryimage\",\"url\":\"https:\\\/\\\/tonspuren.org\\\/wp-content\\\/uploads\\\/2024\\\/05\\\/Peter-Raoul-3C-2.jpg\",\"contentUrl\":\"https:\\\/\\\/tonspuren.org\\\/wp-content\\\/uploads\\\/2024\\\/05\\\/Peter-Raoul-3C-2.jpg\",\"width\":633,\"height\":633},{\"@type\":\"BreadcrumbList\",\"@id\":\"https:\\\/\\\/tonspuren.org\\\/?page_id=364#breadcrumb\",\"itemListElement\":[{\"@type\":\"ListItem\",\"position\":1,\"name\":\"Startseite\",\"item\":\"https:\\\/\\\/tonspuren.org\\\/\"},{\"@type\":\"ListItem\",\"position\":2,\"name\":\"Raoul Herget &amp; Peter Samek\"}]},{\"@type\":\"WebSite\",\"@id\":\"https:\\\/\\\/tonspuren.org\\\/#website\",\"url\":\"https:\\\/\\\/tonspuren.org\\\/\",\"name\":\"TONSPUREN 2024\",\"description\":\"Verein zur F\u00f6rderung von Kunst und Kultur\",\"publisher\":{\"@id\":\"https:\\\/\\\/tonspuren.org\\\/#organization\"},\"potentialAction\":[{\"@type\":\"SearchAction\",\"target\":{\"@type\":\"EntryPoint\",\"urlTemplate\":\"https:\\\/\\\/tonspuren.org\\\/?s={search_term_string}\"},\"query-input\":{\"@type\":\"PropertyValueSpecification\",\"valueRequired\":true,\"valueName\":\"search_term_string\"}}],\"inLanguage\":\"de-AT\"},{\"@type\":\"Organization\",\"@id\":\"https:\\\/\\\/tonspuren.org\\\/#organization\",\"name\":\"TONSPUREN 2024\",\"url\":\"https:\\\/\\\/tonspuren.org\\\/\",\"logo\":{\"@type\":\"ImageObject\",\"inLanguage\":\"de-AT\",\"@id\":\"https:\\\/\\\/tonspuren.org\\\/#\\\/schema\\\/logo\\\/image\\\/\",\"url\":\"https:\\\/\\\/tonspuren.org\\\/wp-content\\\/uploads\\\/2024\\\/05\\\/Dein-Abschnittstext.png\",\"contentUrl\":\"https:\\\/\\\/tonspuren.org\\\/wp-content\\\/uploads\\\/2024\\\/05\\\/Dein-Abschnittstext.png\",\"width\":1748,\"height\":1240,\"caption\":\"TONSPUREN 2024\"},\"image\":{\"@id\":\"https:\\\/\\\/tonspuren.org\\\/#\\\/schema\\\/logo\\\/image\\\/\"},\"sameAs\":[\"https:\\\/\\\/www.facebook.com\\\/profile.php?id=61550600819924&locale=de_DE\"]}]}<\/script>\n<!-- \/ Yoast SEO plugin. -->","yoast_head_json":{"title":"Raoul Herget &amp; Peter Samek - TONSPUREN 2026","robots":{"index":"index","follow":"follow","max-snippet":"max-snippet:-1","max-image-preview":"max-image-preview:large","max-video-preview":"max-video-preview:-1"},"canonical":"https:\/\/tonspuren.org\/?page_id=364","og_locale":"de_DE","og_type":"article","og_title":"Raoul Herget &amp; Peter Samek - TONSPUREN 2026","og_description":"Peter Samek&nbsp;und&nbsp;Raoul Herget, zeichnen sich durch herausragende F\u00e4higkeiten auf der Mundharmonika, der Slidegitarre und der Tuba aus. Peter Samek,.","og_url":"https:\/\/tonspuren.org\/?page_id=364","og_site_name":"TONSPUREN 2026","article_publisher":"https:\/\/www.facebook.com\/profile.php?id=61550600819924&locale=de_DE","article_modified_time":"2024-10-29T11:19:22+00:00","og_image":[{"width":633,"height":633,"url":"https:\/\/tonspuren.org\/wp-content\/uploads\/2024\/05\/Peter-Raoul-3C-2.jpg","type":"image\/jpeg"}],"twitter_card":"summary_large_image","twitter_misc":{"Gesch\u00e4tzte Lesezeit":"2 Minuten"},"schema":{"@context":"https:\/\/schema.org","@graph":[{"@type":"WebPage","@id":"https:\/\/tonspuren.org\/?page_id=364","url":"https:\/\/tonspuren.org\/?page_id=364","name":"Raoul Herget &amp; Peter Samek - TONSPUREN 2026","isPartOf":{"@id":"https:\/\/tonspuren.org\/#website"},"primaryImageOfPage":{"@id":"https:\/\/tonspuren.org\/?page_id=364#primaryimage"},"image":{"@id":"https:\/\/tonspuren.org\/?page_id=364#primaryimage"},"thumbnailUrl":"https:\/\/tonspuren.org\/wp-content\/uploads\/2024\/05\/Peter-Raoul-3C-2.jpg","datePublished":"2024-05-11T11:11:42+00:00","dateModified":"2024-10-29T11:19:22+00:00","breadcrumb":{"@id":"https:\/\/tonspuren.org\/?page_id=364#breadcrumb"},"inLanguage":"de-AT","potentialAction":[{"@type":"ReadAction","target":["https:\/\/tonspuren.org\/?page_id=364"]}]},{"@type":"ImageObject","inLanguage":"de-AT","@id":"https:\/\/tonspuren.org\/?page_id=364#primaryimage","url":"https:\/\/tonspuren.org\/wp-content\/uploads\/2024\/05\/Peter-Raoul-3C-2.jpg","contentUrl":"https:\/\/tonspuren.org\/wp-content\/uploads\/2024\/05\/Peter-Raoul-3C-2.jpg","width":633,"height":633},{"@type":"BreadcrumbList","@id":"https:\/\/tonspuren.org\/?page_id=364#breadcrumb","itemListElement":[{"@type":"ListItem","position":1,"name":"Startseite","item":"https:\/\/tonspuren.org\/"},{"@type":"ListItem","position":2,"name":"Raoul Herget &amp; Peter Samek"}]},{"@type":"WebSite","@id":"https:\/\/tonspuren.org\/#website","url":"https:\/\/tonspuren.org\/","name":"TONSPUREN 2024","description":"Verein zur F\u00f6rderung von Kunst und Kultur","publisher":{"@id":"https:\/\/tonspuren.org\/#organization"},"potentialAction":[{"@type":"SearchAction","target":{"@type":"EntryPoint","urlTemplate":"https:\/\/tonspuren.org\/?s={search_term_string}"},"query-input":{"@type":"PropertyValueSpecification","valueRequired":true,"valueName":"search_term_string"}}],"inLanguage":"de-AT"},{"@type":"Organization","@id":"https:\/\/tonspuren.org\/#organization","name":"TONSPUREN 2024","url":"https:\/\/tonspuren.org\/","logo":{"@type":"ImageObject","inLanguage":"de-AT","@id":"https:\/\/tonspuren.org\/#\/schema\/logo\/image\/","url":"https:\/\/tonspuren.org\/wp-content\/uploads\/2024\/05\/Dein-Abschnittstext.png","contentUrl":"https:\/\/tonspuren.org\/wp-content\/uploads\/2024\/05\/Dein-Abschnittstext.png","width":1748,"height":1240,"caption":"TONSPUREN 2024"},"image":{"@id":"https:\/\/tonspuren.org\/#\/schema\/logo\/image\/"},"sameAs":["https:\/\/www.facebook.com\/profile.php?id=61550600819924&locale=de_DE"]}]}},"_links":{"self":[{"href":"https:\/\/tonspuren.org\/index.php?rest_route=\/wp\/v2\/pages\/364","targetHints":{"allow":["GET"]}}],"collection":[{"href":"https:\/\/tonspuren.org\/index.php?rest_route=\/wp\/v2\/pages"}],"about":[{"href":"https:\/\/tonspuren.org\/index.php?rest_route=\/wp\/v2\/types\/page"}],"author":[{"embeddable":true,"href":"https:\/\/tonspuren.org\/index.php?rest_route=\/wp\/v2\/users\/1"}],"replies":[{"embeddable":true,"href":"https:\/\/tonspuren.org\/index.php?rest_route=%2Fwp%2Fv2%2Fcomments&post=364"}],"version-history":[{"count":46,"href":"https:\/\/tonspuren.org\/index.php?rest_route=\/wp\/v2\/pages\/364\/revisions"}],"predecessor-version":[{"id":3448,"href":"https:\/\/tonspuren.org\/index.php?rest_route=\/wp\/v2\/pages\/364\/revisions\/3448"}],"wp:attachment":[{"href":"https:\/\/tonspuren.org\/index.php?rest_route=%2Fwp%2Fv2%2Fmedia&parent=364"}],"curies":[{"name":"wp","href":"https:\/\/api.w.org\/{rel}","templated":true}]}}