{"id":349,"date":"2024-05-11T11:08:39","date_gmt":"2024-05-11T11:08:39","guid":{"rendered":"https:\/\/tonspuren.org\/?page_id=349"},"modified":"2024-10-29T11:16:16","modified_gmt":"2024-10-29T11:16:16","slug":"karl-ratzer","status":"publish","type":"page","link":"https:\/\/tonspuren.org\/?page_id=349","title":{"rendered":"Karl Ratzer"},"content":{"rendered":"\t\t<div data-elementor-type=\"wp-page\" data-elementor-id=\"349\" class=\"elementor elementor-349\">\n\t\t\t\t<div class=\"elementor-element elementor-element-37f5c3c e-flex e-con-boxed e-con e-parent\" data-id=\"37f5c3c\" data-element_type=\"container\" data-e-type=\"container\">\n\t\t\t\t\t<div class=\"e-con-inner\">\n\t\t<div class=\"elementor-element elementor-element-ec41436 e-con-full e-flex e-con e-child\" data-id=\"ec41436\" data-element_type=\"container\" data-e-type=\"container\">\n\t\t\t\t<div class=\"elementor-element elementor-element-6d17f78 elementor-widget__width-initial elementor-widget elementor-widget-image\" data-id=\"6d17f78\" data-element_type=\"widget\" data-e-type=\"widget\" data-widget_type=\"image.default\">\n\t\t\t\t<div class=\"elementor-widget-container\">\n\t\t\t\t\t\t\t\t\t\t\t\t\t\t\t<img fetchpriority=\"high\" decoding=\"async\" width=\"768\" height=\"768\" src=\"https:\/\/tonspuren.org\/wp-content\/uploads\/2024\/10\/Karl-Ratzer-Quintetto-e1728544944421-768x768.jpg\" class=\"attachment-medium_large size-medium_large wp-image-2600\" alt=\"\" srcset=\"https:\/\/tonspuren.org\/wp-content\/uploads\/2024\/10\/Karl-Ratzer-Quintetto-e1728544944421-768x768.jpg 768w, https:\/\/tonspuren.org\/wp-content\/uploads\/2024\/10\/Karl-Ratzer-Quintetto-e1728544944421-300x300.jpg 300w, https:\/\/tonspuren.org\/wp-content\/uploads\/2024\/10\/Karl-Ratzer-Quintetto-e1728544944421-150x150.jpg 150w, https:\/\/tonspuren.org\/wp-content\/uploads\/2024\/10\/Karl-Ratzer-Quintetto-e1728544944421.jpg 959w\" sizes=\"(max-width: 768px) 100vw, 768px\" \/>\t\t\t\t\t\t\t\t\t\t\t\t\t\t\t<\/div>\n\t\t\t\t<\/div>\n\t\t\t\t<\/div>\n\t\t<div class=\"elementor-element elementor-element-edfbd66 e-con-full e-flex e-con e-child\" data-id=\"edfbd66\" data-element_type=\"container\" data-e-type=\"container\">\n\t\t\t\t<div class=\"elementor-element elementor-element-74421284 elementor-widget__width-initial e-transform elementor-widget elementor-widget-text-editor\" data-id=\"74421284\" data-element_type=\"widget\" data-e-type=\"widget\" data-settings=\"{&quot;_transform_scaleX_effect&quot;:{&quot;unit&quot;:&quot;px&quot;,&quot;size&quot;:&quot;&quot;,&quot;sizes&quot;:[]},&quot;_transform_scaleX_effect_tablet&quot;:{&quot;unit&quot;:&quot;px&quot;,&quot;size&quot;:&quot;&quot;,&quot;sizes&quot;:[]},&quot;_transform_scaleX_effect_mobile&quot;:{&quot;unit&quot;:&quot;px&quot;,&quot;size&quot;:&quot;&quot;,&quot;sizes&quot;:[]},&quot;_transform_scaleY_effect&quot;:{&quot;unit&quot;:&quot;px&quot;,&quot;size&quot;:&quot;&quot;,&quot;sizes&quot;:[]},&quot;_transform_scaleY_effect_tablet&quot;:{&quot;unit&quot;:&quot;px&quot;,&quot;size&quot;:&quot;&quot;,&quot;sizes&quot;:[]},&quot;_transform_scaleY_effect_mobile&quot;:{&quot;unit&quot;:&quot;px&quot;,&quot;size&quot;:&quot;&quot;,&quot;sizes&quot;:[]}}\" data-widget_type=\"text-editor.default\">\n\t\t\t\t<div class=\"elementor-widget-container\">\n\t\t\t\t\t\t\t\t\t<p><\/p>\n<p><span style=\"color: #ffffff;\">Jazz-Legende mit internationalem Ruf<\/span><\/p>\n<p><span style=\"color: #ffffff;\"><\/span><\/p>\n<p><span style=\"color: #ffffff;\"><strong>Karl Ratzer<\/strong>, ein herausragender \u00f6sterreichischer Jazzmusiker, hat sich weltweit einen Namen als Meister des l\u00e4ssigen Grooves und der subtilen Balladen gemacht.&nbsp;<\/span><\/p>\n<p><span style=\"color: #ffffff;\"><\/span><\/p>\n<p><span style=\"color: #ffffff;\">Neben seiner erfolgreichen Solokarriere arbeitete Ratzer mit Jazzgr\u00f6\u00dfen <br>wie Chet Baker, Lee Konitz und Chaka Khan zusammen.<\/span><\/p>\n<p><span style=\"color: #ffffff;\">Karl Ratzers Projekt <em>\u201cBrazil\u201d<\/em> entstand aus seiner langj\u00e4hrigen Freundschaft mit Musikern <br>aus drei verschiedenen Kontinenten. Deren weit gef\u00e4cherte K\u00f6nnerschaft und Erfahrung in den unterschiedlichsten Musikstilen verleihen den Eigenkompositionen und Neuinterpretationen von Klassikern brasilianischer und lateinamerikanischer Herkunft, wie auch nordamerikanischen Jazzstandards neue Frische und Aktualit\u00e4t.<\/span><\/p>\n<p><span style=\"color: #ffffff;\">Neben Peter Herbert am Bass spielen der in Rio de Janeiro geborene und in Wien lebende S\u00e4nger, Gitarrist und Komponist Yta Moreno, unterst\u00fctzt vom Weltklasse-Perkussionisten Fred Mascavo und Andreas Werth an der Orgel.<\/span><\/p>\n<p><span style=\"color: #ffffff;\"><em>\u201eBrazil\u201c<\/em> zeigt, wie ein souver\u00e4ner, aufs Essenzielle fokussierter Wiener Meistergitarrist auch in brasilianischer Musik ganz in seinem Element ist. Gemeinschaftlich geht es auf eine musikalische Weltreise, die \u00fcber alle Grenzen hinweg das Verbindende in den Vordergrund stellt und Seelenverwandtschaften aufs Sch\u00f6nste h\u00f6rbar macht.<\/span><\/p>\n<p><\/p>\n<p><span style=\"color: #ffffff;\"><\/span><\/p>\n<p><span style=\"color: #ffffff;\">Karl Ratzers Beitrag zur Jazzmusik und seine k\u00fcnstlerische Hingabe <br>haben ihn zu einer lebenden Legende gemacht.<\/span><\/p>\n<p><\/p>\t\t\t\t\t\t\t\t<\/div>\n\t\t\t\t<\/div>\n\t\t\t\t<\/div>\n\t\t\t\t\t<\/div>\n\t\t\t\t<\/div>\n\t\t<div class=\"elementor-element elementor-element-1390be5 e-con-full e-flex e-con e-parent\" data-id=\"1390be5\" data-element_type=\"container\" data-e-type=\"container\">\n\t\t<div class=\"elementor-element elementor-element-e527885 e-con-full e-flex e-con e-child\" data-id=\"e527885\" data-element_type=\"container\" data-e-type=\"container\">\n\t\t\t\t<\/div>\n\t\t<div class=\"elementor-element elementor-element-db19ec5 e-con-full e-flex e-con e-child\" data-id=\"db19ec5\" data-element_type=\"container\" data-e-type=\"container\">\n\t\t\t\t<div class=\"elementor-element elementor-element-1de87d79 elementor-widget elementor-widget-button\" data-id=\"1de87d79\" data-element_type=\"widget\" data-e-type=\"widget\" data-widget_type=\"button.default\">\n\t\t\t\t<div class=\"elementor-widget-container\">\n\t\t\t\t\t\t\t\t\t<div class=\"elementor-button-wrapper\">\n\t\t\t\t\t<a class=\"elementor-button elementor-button-link elementor-size-sm\" href=\"https:\/\/www.eventim-light.com\/at\/a\/65245179d546a07f2686e442\">\n\t\t\t\t\t\t<span class=\"elementor-button-content-wrapper\">\n\t\t\t\t\t\t<span class=\"elementor-button-icon\">\n\t\t\t\t<svg aria-hidden=\"true\" class=\"e-font-icon-svg e-fas-ticket-alt\" viewBox=\"0 0 576 512\" xmlns=\"http:\/\/www.w3.org\/2000\/svg\"><path d=\"M128 160h320v192H128V160zm400 96c0 26.51 21.49 48 48 48v96c0 26.51-21.49 48-48 48H48c-26.51 0-48-21.49-48-48v-96c26.51 0 48-21.49 48-48s-21.49-48-48-48v-96c0-26.51 21.49-48 48-48h480c26.51 0 48 21.49 48 48v96c-26.51 0-48 21.49-48 48zm-48-104c0-13.255-10.745-24-24-24H120c-13.255 0-24 10.745-24 24v208c0 13.255 10.745 24 24 24h336c13.255 0 24-10.745 24-24V152z\"><\/path><\/svg>\t\t\t<\/span>\n\t\t\t\t\t\t\t\t\t<span class=\"elementor-button-text\">Hier geht es zum Ticket Shop<\/span>\n\t\t\t\t\t<\/span>\n\t\t\t\t\t<\/a>\n\t\t\t\t<\/div>\n\t\t\t\t\t\t\t\t<\/div>\n\t\t\t\t<\/div>\n\t\t\t\t<\/div>\n\t\t\t\t<\/div>\n\t\t\t\t<\/div>\n\t\t","protected":false},"excerpt":{"rendered":"<p>Jazz-Legende mit internationalem Ruf Karl Ratzer, ein herausragender \u00f6sterreichischer Jazzmusiker, hat sich weltweit einen Namen als Meister des l\u00e4ssigen.<\/p>\n","protected":false},"author":1,"featured_media":0,"parent":0,"menu_order":0,"comment_status":"closed","ping_status":"closed","template":"","meta":{"footnotes":""},"class_list":["post-349","page","type-page","status-publish","hentry"],"yoast_head":"<!-- This site is optimized with the Yoast SEO plugin v27.4 - https:\/\/yoast.com\/product\/yoast-seo-wordpress\/ -->\n<title>Karl Ratzer - TONSPUREN 2026<\/title>\n<meta name=\"robots\" content=\"index, follow, max-snippet:-1, max-image-preview:large, max-video-preview:-1\" \/>\n<link rel=\"canonical\" href=\"https:\/\/tonspuren.org\/?page_id=349\" \/>\n<meta property=\"og:locale\" content=\"de_DE\" \/>\n<meta property=\"og:type\" content=\"article\" \/>\n<meta property=\"og:title\" content=\"Karl Ratzer - TONSPUREN 2026\" \/>\n<meta property=\"og:description\" content=\"Jazz-Legende mit internationalem Ruf Karl Ratzer, ein herausragender \u00f6sterreichischer Jazzmusiker, hat sich weltweit einen Namen als Meister des l\u00e4ssigen.\" \/>\n<meta property=\"og:url\" content=\"https:\/\/tonspuren.org\/?page_id=349\" \/>\n<meta property=\"og:site_name\" content=\"TONSPUREN 2026\" \/>\n<meta property=\"article:publisher\" content=\"https:\/\/www.facebook.com\/profile.php?id=61550600819924&amp;locale=de_DE\" \/>\n<meta property=\"article:modified_time\" content=\"2024-10-29T11:16:16+00:00\" \/>\n<meta property=\"og:image\" content=\"https:\/\/tonspuren.org\/wp-content\/uploads\/2024\/10\/Karl-Ratzer-Quintetto-e1728544944421.jpg\" \/>\n\t<meta property=\"og:image:width\" content=\"959\" \/>\n\t<meta property=\"og:image:height\" content=\"959\" \/>\n\t<meta property=\"og:image:type\" content=\"image\/jpeg\" \/>\n<meta name=\"twitter:card\" content=\"summary_large_image\" \/>\n<meta name=\"twitter:label1\" content=\"Gesch\u00e4tzte Lesezeit\" \/>\n\t<meta name=\"twitter:data1\" content=\"2 Minuten\" \/>\n<script type=\"application\/ld+json\" class=\"yoast-schema-graph\">{\"@context\":\"https:\\\/\\\/schema.org\",\"@graph\":[{\"@type\":\"WebPage\",\"@id\":\"https:\\\/\\\/tonspuren.org\\\/?page_id=349\",\"url\":\"https:\\\/\\\/tonspuren.org\\\/?page_id=349\",\"name\":\"Karl Ratzer - TONSPUREN 2026\",\"isPartOf\":{\"@id\":\"https:\\\/\\\/tonspuren.org\\\/#website\"},\"primaryImageOfPage\":{\"@id\":\"https:\\\/\\\/tonspuren.org\\\/?page_id=349#primaryimage\"},\"image\":{\"@id\":\"https:\\\/\\\/tonspuren.org\\\/?page_id=349#primaryimage\"},\"thumbnailUrl\":\"https:\\\/\\\/tonspuren.org\\\/wp-content\\\/uploads\\\/2024\\\/10\\\/Karl-Ratzer-Quintetto-e1728544944421-768x768.jpg\",\"datePublished\":\"2024-05-11T11:08:39+00:00\",\"dateModified\":\"2024-10-29T11:16:16+00:00\",\"breadcrumb\":{\"@id\":\"https:\\\/\\\/tonspuren.org\\\/?page_id=349#breadcrumb\"},\"inLanguage\":\"de-AT\",\"potentialAction\":[{\"@type\":\"ReadAction\",\"target\":[\"https:\\\/\\\/tonspuren.org\\\/?page_id=349\"]}]},{\"@type\":\"ImageObject\",\"inLanguage\":\"de-AT\",\"@id\":\"https:\\\/\\\/tonspuren.org\\\/?page_id=349#primaryimage\",\"url\":\"https:\\\/\\\/tonspuren.org\\\/wp-content\\\/uploads\\\/2024\\\/10\\\/Karl-Ratzer-Quintetto-e1728544944421.jpg\",\"contentUrl\":\"https:\\\/\\\/tonspuren.org\\\/wp-content\\\/uploads\\\/2024\\\/10\\\/Karl-Ratzer-Quintetto-e1728544944421.jpg\",\"width\":959,\"height\":959},{\"@type\":\"BreadcrumbList\",\"@id\":\"https:\\\/\\\/tonspuren.org\\\/?page_id=349#breadcrumb\",\"itemListElement\":[{\"@type\":\"ListItem\",\"position\":1,\"name\":\"Startseite\",\"item\":\"https:\\\/\\\/tonspuren.org\\\/\"},{\"@type\":\"ListItem\",\"position\":2,\"name\":\"Karl Ratzer\"}]},{\"@type\":\"WebSite\",\"@id\":\"https:\\\/\\\/tonspuren.org\\\/#website\",\"url\":\"https:\\\/\\\/tonspuren.org\\\/\",\"name\":\"TONSPUREN 2024\",\"description\":\"Verein zur F\u00f6rderung von Kunst und Kultur\",\"publisher\":{\"@id\":\"https:\\\/\\\/tonspuren.org\\\/#organization\"},\"potentialAction\":[{\"@type\":\"SearchAction\",\"target\":{\"@type\":\"EntryPoint\",\"urlTemplate\":\"https:\\\/\\\/tonspuren.org\\\/?s={search_term_string}\"},\"query-input\":{\"@type\":\"PropertyValueSpecification\",\"valueRequired\":true,\"valueName\":\"search_term_string\"}}],\"inLanguage\":\"de-AT\"},{\"@type\":\"Organization\",\"@id\":\"https:\\\/\\\/tonspuren.org\\\/#organization\",\"name\":\"TONSPUREN 2024\",\"url\":\"https:\\\/\\\/tonspuren.org\\\/\",\"logo\":{\"@type\":\"ImageObject\",\"inLanguage\":\"de-AT\",\"@id\":\"https:\\\/\\\/tonspuren.org\\\/#\\\/schema\\\/logo\\\/image\\\/\",\"url\":\"https:\\\/\\\/tonspuren.org\\\/wp-content\\\/uploads\\\/2024\\\/05\\\/Dein-Abschnittstext.png\",\"contentUrl\":\"https:\\\/\\\/tonspuren.org\\\/wp-content\\\/uploads\\\/2024\\\/05\\\/Dein-Abschnittstext.png\",\"width\":1748,\"height\":1240,\"caption\":\"TONSPUREN 2024\"},\"image\":{\"@id\":\"https:\\\/\\\/tonspuren.org\\\/#\\\/schema\\\/logo\\\/image\\\/\"},\"sameAs\":[\"https:\\\/\\\/www.facebook.com\\\/profile.php?id=61550600819924&locale=de_DE\"]}]}<\/script>\n<!-- \/ Yoast SEO plugin. -->","yoast_head_json":{"title":"Karl Ratzer - TONSPUREN 2026","robots":{"index":"index","follow":"follow","max-snippet":"max-snippet:-1","max-image-preview":"max-image-preview:large","max-video-preview":"max-video-preview:-1"},"canonical":"https:\/\/tonspuren.org\/?page_id=349","og_locale":"de_DE","og_type":"article","og_title":"Karl Ratzer - TONSPUREN 2026","og_description":"Jazz-Legende mit internationalem Ruf Karl Ratzer, ein herausragender \u00f6sterreichischer Jazzmusiker, hat sich weltweit einen Namen als Meister des l\u00e4ssigen.","og_url":"https:\/\/tonspuren.org\/?page_id=349","og_site_name":"TONSPUREN 2026","article_publisher":"https:\/\/www.facebook.com\/profile.php?id=61550600819924&locale=de_DE","article_modified_time":"2024-10-29T11:16:16+00:00","og_image":[{"width":959,"height":959,"url":"https:\/\/tonspuren.org\/wp-content\/uploads\/2024\/10\/Karl-Ratzer-Quintetto-e1728544944421.jpg","type":"image\/jpeg"}],"twitter_card":"summary_large_image","twitter_misc":{"Gesch\u00e4tzte Lesezeit":"2 Minuten"},"schema":{"@context":"https:\/\/schema.org","@graph":[{"@type":"WebPage","@id":"https:\/\/tonspuren.org\/?page_id=349","url":"https:\/\/tonspuren.org\/?page_id=349","name":"Karl Ratzer - TONSPUREN 2026","isPartOf":{"@id":"https:\/\/tonspuren.org\/#website"},"primaryImageOfPage":{"@id":"https:\/\/tonspuren.org\/?page_id=349#primaryimage"},"image":{"@id":"https:\/\/tonspuren.org\/?page_id=349#primaryimage"},"thumbnailUrl":"https:\/\/tonspuren.org\/wp-content\/uploads\/2024\/10\/Karl-Ratzer-Quintetto-e1728544944421-768x768.jpg","datePublished":"2024-05-11T11:08:39+00:00","dateModified":"2024-10-29T11:16:16+00:00","breadcrumb":{"@id":"https:\/\/tonspuren.org\/?page_id=349#breadcrumb"},"inLanguage":"de-AT","potentialAction":[{"@type":"ReadAction","target":["https:\/\/tonspuren.org\/?page_id=349"]}]},{"@type":"ImageObject","inLanguage":"de-AT","@id":"https:\/\/tonspuren.org\/?page_id=349#primaryimage","url":"https:\/\/tonspuren.org\/wp-content\/uploads\/2024\/10\/Karl-Ratzer-Quintetto-e1728544944421.jpg","contentUrl":"https:\/\/tonspuren.org\/wp-content\/uploads\/2024\/10\/Karl-Ratzer-Quintetto-e1728544944421.jpg","width":959,"height":959},{"@type":"BreadcrumbList","@id":"https:\/\/tonspuren.org\/?page_id=349#breadcrumb","itemListElement":[{"@type":"ListItem","position":1,"name":"Startseite","item":"https:\/\/tonspuren.org\/"},{"@type":"ListItem","position":2,"name":"Karl Ratzer"}]},{"@type":"WebSite","@id":"https:\/\/tonspuren.org\/#website","url":"https:\/\/tonspuren.org\/","name":"TONSPUREN 2024","description":"Verein zur F\u00f6rderung von Kunst und Kultur","publisher":{"@id":"https:\/\/tonspuren.org\/#organization"},"potentialAction":[{"@type":"SearchAction","target":{"@type":"EntryPoint","urlTemplate":"https:\/\/tonspuren.org\/?s={search_term_string}"},"query-input":{"@type":"PropertyValueSpecification","valueRequired":true,"valueName":"search_term_string"}}],"inLanguage":"de-AT"},{"@type":"Organization","@id":"https:\/\/tonspuren.org\/#organization","name":"TONSPUREN 2024","url":"https:\/\/tonspuren.org\/","logo":{"@type":"ImageObject","inLanguage":"de-AT","@id":"https:\/\/tonspuren.org\/#\/schema\/logo\/image\/","url":"https:\/\/tonspuren.org\/wp-content\/uploads\/2024\/05\/Dein-Abschnittstext.png","contentUrl":"https:\/\/tonspuren.org\/wp-content\/uploads\/2024\/05\/Dein-Abschnittstext.png","width":1748,"height":1240,"caption":"TONSPUREN 2024"},"image":{"@id":"https:\/\/tonspuren.org\/#\/schema\/logo\/image\/"},"sameAs":["https:\/\/www.facebook.com\/profile.php?id=61550600819924&locale=de_DE"]}]}},"_links":{"self":[{"href":"https:\/\/tonspuren.org\/index.php?rest_route=\/wp\/v2\/pages\/349","targetHints":{"allow":["GET"]}}],"collection":[{"href":"https:\/\/tonspuren.org\/index.php?rest_route=\/wp\/v2\/pages"}],"about":[{"href":"https:\/\/tonspuren.org\/index.php?rest_route=\/wp\/v2\/types\/page"}],"author":[{"embeddable":true,"href":"https:\/\/tonspuren.org\/index.php?rest_route=\/wp\/v2\/users\/1"}],"replies":[{"embeddable":true,"href":"https:\/\/tonspuren.org\/index.php?rest_route=%2Fwp%2Fv2%2Fcomments&post=349"}],"version-history":[{"count":55,"href":"https:\/\/tonspuren.org\/index.php?rest_route=\/wp\/v2\/pages\/349\/revisions"}],"predecessor-version":[{"id":3418,"href":"https:\/\/tonspuren.org\/index.php?rest_route=\/wp\/v2\/pages\/349\/revisions\/3418"}],"wp:attachment":[{"href":"https:\/\/tonspuren.org\/index.php?rest_route=%2Fwp%2Fv2%2Fmedia&parent=349"}],"curies":[{"name":"wp","href":"https:\/\/api.w.org\/{rel}","templated":true}]}}