{"id":3,"date":"2024-05-02T13:38:35","date_gmt":"2024-05-02T13:38:35","guid":{"rendered":"https:\/\/www.tonspuren.org\/?page_id=3"},"modified":"2024-05-22T09:33:04","modified_gmt":"2024-05-22T09:33:04","slug":"privacy-policy","status":"publish","type":"page","link":"https:\/\/tonspuren.org\/?page_id=3","title":{"rendered":"Datenschutzerkl\u00e4rung"},"content":{"rendered":"\t\t<div data-elementor-type=\"wp-page\" data-elementor-id=\"3\" class=\"elementor elementor-3\">\n\t\t\t\t<div class=\"elementor-element elementor-element-5cebd52e e-flex e-con-boxed e-con e-parent\" data-id=\"5cebd52e\" data-element_type=\"container\" data-e-type=\"container\">\n\t\t\t\t\t<div class=\"e-con-inner\">\n\t\t\t\t<div class=\"elementor-element elementor-element-6b8410cf elementor-widget elementor-widget-text-editor\" data-id=\"6b8410cf\" data-element_type=\"widget\" data-e-type=\"widget\" data-widget_type=\"text-editor.default\">\n\t\t\t\t<div class=\"elementor-widget-container\">\n\t\t\t\t\t\t\t\t\t<p><\/p>\n<p><span style=\"color: #ffffff;\"><strong>Verantwortliche:<\/strong><\/span><\/p>\n<p><span style=\"color: #ffffff;\"><\/span><\/p>\n<p><span style=\"color: #ffffff;\">Andreas Silldorff<\/span><br \/><span style=\"color: #ffffff;\">Paul Troger-Gasse 12A\/17, 2700 Wr. Neustadt<\/span><\/p>\n<p><span style=\"color: #ffffff;\"><\/span><\/p>\n<p><span style=\"color: #ffffff;\">Info@tonspuren.org<\/span><\/p>\n<p><span style=\"color: #ffffff;\"><\/span><\/p>\n<h5 class=\"wp-block-heading\"><span style=\"color: #ffffff;\"><strong>Allgemeines<\/strong><\/span><\/h5>\n<p><span style=\"color: #ffffff;\"><\/span><\/p>\n<p><span style=\"color: #ffffff;\">Der Schutz und die Sicherheit Ihrer pers\u00f6nlichen Daten ist mir ein wichtiges Anliegen. Ich speicher und verarbeite Daten daher ausschlie\u00dflich im Sinne der \u00f6sterreichischen und europ\u00e4ischen Datenschutzgrundverordnung (DSGVO). Die aktuelle Fassung der DSG VO finden Sie unter\u00a0<a style=\"color: #ffffff;\" href=\"http:\/\/eur-lex.europa.eu\/legal-content\/DE\/TXT\/HTML\/?uri=CELEX:32016R0679&amp;from=DE\">http:\/\/eur-lex.europa.eu\/legal-content\/DE\/TXT\/HTML\/?uri=CELEX:32016R0679&amp;from=DE<\/a><\/span><\/p>\n<p><span style=\"color: #ffffff;\"><\/span><\/p>\n<p><span style=\"color: #ffffff;\">Ich verpflichte mich dabei, die folgenden\u00a0<strong>Grunds\u00e4tze der DSGVO Art. 5 (1)<\/strong>\u00a0einzuhalten:<\/span><\/p>\n<p><span style=\"color: #ffffff;\"><\/span><\/p>\n<ul class=\"wp-block-list\">\n<li style=\"list-style-type: none;\">\n<ul><\/ul>\n<\/li>\n<\/ul>\n<p>\u00a0<\/p>\n<ul>\n<li style=\"list-style-type: none;\">\n<ul>\n<li><span style=\"color: #ffffff;\"><strong>Rechtm\u00e4\u00dfigkeit der Verarbeitung<\/strong><\/span><br \/><span style=\"color: #ffffff;\">Ich verarbeite Ihre pers\u00f6nlichen Daten nur, wenn Sie entweder in ein Vertragsverh\u00e4ltnis eintreten (inkl. aller vorvertraglichen Korrespondenzen) oder Sie mir Ihre Einwilligung zur Verarbeitung geben (wenn Sie in kein Vertragsverh\u00e4ltnis eintreten, aber weiterhin an meinen Leistungen und Produkten Interesse haben). Ich verarbeite Ihre Daten nach Treu und Glauben und gebe Ihnen hiermit Einblick in meine Verarbeitungsweise (Grundsatz der Transparenz).<\/span><\/li>\n<\/ul>\n<\/li>\n<\/ul>\n<p><\/p>\n<ul>\n<li style=\"list-style-type: none;\">\n<ul>\n<li><span style=\"color: #ffffff;\"><strong>Zwecke der Verarbeitung<br \/><\/strong>Ich gebe Ihnen eindeutig die Zwecke der Verarbeitung bekannt. In den meisten F\u00e4llen wird die Leistungserbringung, Lieferung oder Produktbereitstellung (Vertragserf\u00fcllung) den Zweck darstellen. Auch wenn Sie mir Fragen und Anfragen stellen, werde ich Daten zum Zwecke der Beantwortung ben\u00f6tigen. Ich werde niemals Daten ohne festgelegten Zweck verarbeiten.<\/span><\/li>\n<\/ul>\n<\/li>\n<\/ul>\n<p><\/p>\n<ul>\n<li style=\"list-style-type: none;\">\n<ul>\n<li><span style=\"color: #ffffff;\"><strong>Datenminimierung<\/strong><\/span><br \/><span style=\"color: #ffffff;\">Ich verarbeite nur f\u00fcr die Zwecke relevante Daten und erheben nur notwendige Daten.<\/span><\/li>\n<\/ul>\n<\/li>\n<\/ul>\n<p><\/p>\n<ul>\n<li style=\"list-style-type: none;\">\n<ul>\n<li><span style=\"color: #ffffff;\"><strong>Richtigkeit<br \/><\/strong>Ich werde nach meinen M\u00f6glichkeiten nur richtige Daten verarbeiten. Bei \u00c4nderungen von Ansprechpartnern, Adressen, Telefonnummer, bitte ich Sie, diese mir unverz\u00fcglich bekannt zu geben.<\/span><\/li>\n<\/ul>\n<\/li>\n<\/ul>\n<p><\/p>\n<ul>\n<li style=\"list-style-type: none;\">\n<ul>\n<li><span style=\"color: #ffffff;\"><strong>Speicherbegrenzung<br \/><\/strong>Ich darf und werde Ihre Daten nur bis zur Vollendung des Zwecks bzw. so lange es mir gesetzliche Regelungen vorschreiben verarbeiten.<\/span><\/li>\n<\/ul>\n<\/li>\n<\/ul>\n<p><\/p>\n<ul>\n<li style=\"list-style-type: none;\">\n<ul>\n<li><span style=\"color: #ffffff;\"><strong>Integrit\u00e4t und Vertraulichkeit<br \/><\/strong>Ich sch\u00fctze Ihre Daten mit ausreichenden Datensicherheitsma\u00dfnahmen vor unbefugter Nutzung, \u00c4nderung und L\u00f6schung.<\/span><\/li>\n<\/ul>\n<\/li>\n<\/ul>\n<p><\/p>\n<p><span style=\"color: #ffffff;\"><\/span><\/p>\n<h5 class=\"wp-block-heading\"><span style=\"color: #ffffff;\"><strong>Betroffenenrechte<\/strong><\/span><\/h5>\n<p><span style=\"color: #ffffff;\"><\/span><\/p>\n<p><span style=\"color: #ffffff;\">Nach der EU-Datenschutzgrundverordnung stehen Ihnen als Betroffener umfangreiche Rechte zu. Diese Rechte sollen vor allem f\u00fcr mehr Transparenz im Zusammenhang mit Ihren Daten sorgen. Ihre Rechte als betroffene Person sind das Recht auf Auskunft \u00fcber die Sie betreffenden personenbezogenen Daten, auf Berichtigung, L\u00f6schung, Einschr\u00e4nkung der Verarbeitung, Widerspruch gegen die Verarbeitung sowie auf Daten\u00fcbertragbarkeit (nur\u00a0 bei Vertragsbeziehung oder Einwilligung) und jederzeitigen Widerruf einer Einwilligung.<\/span><\/p>\n<p><span style=\"color: #ffffff;\"><\/span><\/p>\n<p><span style=\"color: #ffffff;\">Die betroffenen Personen k\u00f6nnen s\u00e4mtliche Rechte\u00a0<strong>schriftlich<\/strong>\u00a0durch ein Email an\u00a0\u00a0Info@tonspuren.org\u00a0oder durch eine\u00a0<strong>Mitteilung per Post\u00a0<\/strong>aus\u00fcben.<\/span><\/p>\n<p><span style=\"color: #ffffff;\"><\/span><\/p>\n<p><span style=\"color: #ffffff;\">Dar\u00fcber hinaus haben Sie jederzeit das Recht, hinsichtlich der Verarbeitung Ihrer personenbezogenen Daten Beschwerde bei der Datenschutzbeh\u00f6rde einzubringen. <br \/>Die Kontaktdaten der Datenschutzbeh\u00f6rde lauten:<\/span><\/p>\n<p><span style=\"color: #ffffff;\"><\/span><\/p>\n<p id=\"yui_patched_v3_11_0_1_1515380961109_780\"><span style=\"color: #ffffff;\">\u00d6sterreichische Datenschutzbeh\u00f6rde<\/span><br \/><span style=\"color: #ffffff;\">Barichgasse 40-42<\/span><br \/><span style=\"color: #ffffff;\">1030 Wien<\/span><\/p>\n<p><span style=\"color: #ffffff;\"><\/span><\/p>\n<p><span style=\"color: #ffffff;\">Telefon: +43 1 52 152-0<\/span><br \/><span style=\"color: #ffffff;\">E-Mail:\u00a0<a style=\"color: #ffffff;\" href=\"mailto:dsb@dsb.gv.at\">dsb@dsb.gv.at<\/a><\/span><\/p>\n<p><span style=\"color: #ffffff;\"><\/span><\/p>\n<h5 class=\"wp-block-heading\"><span style=\"color: #ffffff;\"><strong>Datenl\u00f6schung<\/strong><\/span><\/h5>\n<p><span style=\"color: #ffffff;\"><\/span><\/p>\n<p><span style=\"color: #ffffff;\">Ihre Daten werden gel\u00f6scht, sobald der jeweilige Vertrag mit Ihnen erf\u00fcllt ist und keine gesetzliche Pflicht zur Speicherung der Daten mehr besteht. So werden Ihre Daten grunds\u00e4tzlich nach zehn Jahren gel\u00f6scht; Aufbewahrungsfrist nach \u00a7 132 BAO zzgl. Fristen f\u00fcr die Verj\u00e4hrung von etwaigen Rechtsanspr\u00fcchen.<\/span><\/p>\n<p><span style=\"color: #ffffff;\"><\/span><\/p>\n<p><span style=\"color: #ffffff;\">Verarbeitungen aufgrund Ihrer Einwilligung (Interessentendaten) speicher ich bis auf Widerruf durch Sie.<\/span><\/p>\n<p><span style=\"color: #ffffff;\"><\/span><\/p>\n<h5 class=\"wp-block-heading\"><span style=\"color: #ffffff;\"><strong>Bestandsdaten<\/strong><\/span><\/h5>\n<p><span style=\"color: #ffffff;\"><\/span><\/p>\n<p><span style=\"color: #ffffff;\">Ohne Ihre ausdr\u00fcckliche Einwilligung oder ohne gesetzliche Grundlage werden Ihre personenbezogenen Daten nicht an au\u00dferhalb der Vertragsabwicklung stehende Dritte weitergegeben. Nach vollst\u00e4ndiger Vertragsabwicklung werden Ihre Daten f\u00fcr die weitere Verwendung gesperrt. Nach Ablauf der steuer- und handelsrechtlichen Vorschriften werden diese Daten gel\u00f6scht, sofern Sie nicht ausdr\u00fccklich in die weitere Nutzung eingewilligt haben.<\/span><\/p>\n<p><span style=\"color: #ffffff;\"><\/span><\/p>\n<p><span style=\"color: #ffffff;\">Ihre personenbezogenen Daten, soweit diese f\u00fcr die Begr\u00fcndung, inhaltliche Ausgestaltung oder \u00c4nderung des Vertragsverh\u00e4ltnisses erforderlich sind (Bestandsdaten), werden ausschlie\u00dflich zur Vertragsabwicklung verwendet. So muss z.B. zur Zustellung der Waren Ihr Name und Ihre Anschrift an den Warenlieferanten weitergegeben werden.<\/span><\/p>\n<p><span style=\"color: #ffffff;\"><\/span><\/p>\n<hr class=\"wp-block-separator has-alpha-channel-opacity\" \/>\n<p><span style=\"color: #ffffff;\"><\/span><\/p>\n<h5 class=\"wp-block-heading\"><span style=\"color: #ffffff;\"><strong>Nutzung unserer Webseite<\/strong><\/span><\/h5>\n<p><span style=\"color: #ffffff;\"><\/span><\/p>\n<p><span style=\"color: #ffffff;\">Sie als Nutzer stimmen der Datenverarbeitung im Sinne dieser Erkl\u00e4rung zu. Diese Datenschutzbestimmungen beziehen sich nur auf meine Webseite www.karriereundsinn.at. Falls Sie \u00fcber Links auf meiner Seiten auf andere Seiten weitergeleitet werden, informieren Sie sich direkt auf der weitergeleiteten Webseite \u00fcber den jeweiligen Umgang mit Ihren Daten. Ihre personenbezogenen Daten (z.B. Name, E-Mail-Adresse) werden von mir nur gem\u00e4\u00df den Bestimmungen des \u00f6sterreichischen Datenschutzrechts verarbeitet. Die nachfolgenden Vorschriften informieren Sie \u00fcber Art, Umfang und Zweck der Erhebung, Verarbeitung und Nutzung personenbezogener Daten.<\/span><\/p>\n<p><span style=\"color: #ffffff;\"><\/span><\/p>\n<p><span style=\"color: #ffffff;\">Die Nutzung dieser Webseite ist in der Regel ohne Angabe personenbezogener Daten m\u00f6glich. Soweit auf meinen Seiten personenbezogene Daten (beispielsweise Name, Anschrift oder E-Mail-Adressen) erhoben werden, erfolgt dies, soweit m\u00f6glich, stets auf freiwilliger Basis. Diese Daten werden ohne Ihre ausdr\u00fcckliche Zustimmung nicht an Dritte weitergegeben.<\/span><\/p>\n<p><span style=\"color: #ffffff;\"><\/span><\/p>\n<p><span style=\"color: #ffffff;\">Ich weise darauf hin, dass die Daten\u00fcbertragung im Internet (z.B. bei der Kommunikation per E-Mail, oder \u00fcber nicht verschl\u00fcsselte Webseiten) Sicherheitsl\u00fccken aufweisen kann. Ein l\u00fcckenloser Schutz der Daten vor dem Zugriff durch Dritte ist nicht m\u00f6glich.<\/span><\/p>\n<p><span style=\"color: #ffffff;\"><\/span><\/p>\n<p><span style=\"color: #ffffff;\">Bei Kontakt \u00fcber meine Webseite werden Ihre \u00fcbermittelten oder eingegebenen Daten manuell oder automatisiert mit dem vorhandenen Datenbestand auf G\u00fcltigkeit und Aktualit\u00e4t \u00fcberpr\u00fcft und gegebenenfalls abgeglichen, um die bei mir gespeicherten Daten zu korrigieren. Dazu kann es notwendig sein, dass ich mit Ihnen Kontakt aufnehmen m\u00fcssen. Dies geschieht mittels E-Mail oder telefonisch. Die von Ihnen eingegebenen Daten werden ausschlie\u00dflich f\u00fcr die Bearbeitung der Bestellung oder die Abwicklung der Anfrage verwendet, eine Weitergabe der Daten an Dritte erfolgt nicht. Treten Sie mit mir in ein Vertragsverh\u00e4ltnis ein, dann werden Ihre Daten gem\u00e4\u00df den steuerlichen und gesetzlichen Aufbewahrungspflichten bei mir gespeichert. Ergibt sich kein Vertragsverh\u00e4ltnis, darf ich Ihre Anfrage und s\u00e4mtliche personenbezogenen Daten nur mit Ihrer Einwilligung weiter bei mir behalten und werde Sie daher entsprechend um eine Einwilligung bitten, die Sie jederzeit auch widerrufen k\u00f6nnen.<\/span><\/p>\n<p><span style=\"color: #ffffff;\"><\/span><\/p>\n<h5 class=\"wp-block-heading\"><span style=\"color: #ffffff;\"><strong>Links<\/strong><\/span><\/h5>\n<p><span style=\"color: #ffffff;\"><\/span><\/p>\n<p><span style=\"color: #ffffff;\">Ich \u00fcberpr\u00fcfe Links, die meine Webseite verlassen, redaktionell sehr sorgf\u00e4ltig. Trotzdem \u00fcbernehme ich f\u00fcr Inhalte auf Seiten, auf die von dieser Webseite oder von einem anderen Internetauftritt aus gelinkt wird, keinerlei Verantwortung oder Haftung.<\/span><\/p>\n<p><span style=\"color: #ffffff;\"><\/span><\/p>\n<h5 class=\"wp-block-heading\"><span style=\"color: #ffffff;\"><strong>Kontaktformular<\/strong><\/span><\/h5>\n<p><span style=\"color: #ffffff;\"><\/span><\/p>\n<p><span style=\"color: #ffffff;\">Wenn Sie mir per Kontaktformular Anfragen zukommen lassen, werden Ihre Angaben aus dem Anfrageformular inklusive der von Ihnen dort angegebenen Kontaktdaten zwecks Bearbeitung der Anfrage und f\u00fcr den Fall von Anschlussfragen bei mir gespeichert. Diese Daten gebe ich nicht ohne Ihrer Einwilligung weiter.<\/span><\/p>\n<p><span style=\"color: #ffffff;\"><\/span><\/p>\n<h5 class=\"wp-block-heading\"><span style=\"color: #ffffff;\"><strong>Newsletter<\/strong><\/span><\/h5>\n<p><span style=\"color: #ffffff;\"><\/span><\/p>\n<p><span style=\"color: #ffffff;\">Sie haben die M\u00f6glichkeit, \u00fcber meine Website meinen Newsletter zu abonnieren. Hierf\u00fcr ben\u00f6tige ich Ihre E-Mail-Adresse und ihre Erkl\u00e4rung, dass Sie mit dem Bezug des Newsletters einverstanden sind.<\/span><\/p>\n<p><span style=\"color: #ffffff;\"><\/span><\/p>\n<p><span style=\"color: #ffffff;\">Sobald Sie sich f\u00fcr den Newsletter angemeldet haben, sende ich Ihnen ein Best\u00e4tigungs-E-Mail mit einem Link zur Best\u00e4tigung der Anmeldung.<\/span><\/p>\n<p><span style=\"color: #ffffff;\"><\/span><\/p>\n<p><span style=\"color: #ffffff;\">Das Abo des Newsletters k\u00f6nnen Sie jederzeit stornieren. Senden Sie Ihre Stornierung bitte an folgende E-Mail-Adresse:\u00a0Info@tonspuren.org\u00a0Ich l\u00f6sche anschlie\u00dfend umgehend Ihre Daten im Zusammenhang mit dem Newsletter-Versand oder Sie tragen sich selbst aus der Liste aus nach Erhalt des Newsletters, indem Sie \u201eNewsletter abbestellen\u201c in der Fu\u00dfzeile anklicken.<\/span><\/p>\n<p><span style=\"color: #ffffff;\"><\/span><\/p>\n<hr class=\"wp-block-separator has-alpha-channel-opacity\" \/>\n<p><span style=\"color: #ffffff;\"><\/span><\/p>\n<h5 class=\"wp-block-heading\"><span style=\"color: #ffffff;\"><strong>Informationen \u00fcber Cookies<\/strong><\/span><\/h5>\n<p><span style=\"color: #ffffff;\"><\/span><\/p>\n<p><span style=\"color: #ffffff;\">Man unterscheidet drei Kategorien von Cookies:<\/span><\/p>\n<p><span style=\"color: #ffffff;\"><\/span><\/p>\n<p><span style=\"color: #ffffff;\"># unbedingt notwendige Cookies, um grundlegende Funktionen der Website sicherzustellen<\/span><\/p>\n<p><span style=\"color: #ffffff;\"><\/span><\/p>\n<p><span style=\"color: #ffffff;\"># funktionelle Cookies, um die Leistung der Webseite sicherzustellen<\/span><\/p>\n<p><span style=\"color: #ffffff;\"><\/span><\/p>\n<p><span style=\"color: #ffffff;\"># zielorientierte Cookies, um das Benutzererlebnis zu verbessern.<\/span><\/p>\n<p><span style=\"color: #ffffff;\"><\/span><\/p>\n<p><span style=\"color: #ffffff;\">Die Internetseiten verwenden teilweise sogenannte Cookies. Cookies richten auf Ihrem Rechner keinen Schaden an und enthalten keine Viren. Cookies dienen dazu, mein Angebot nutzerfreundlicher, effektiver und sicherer zu machen. Cookies sind kleine Textdateien, die auf Ihrem Rechner abgelegt werden und die Ihr Browser speichert.<\/span><\/p>\n<p><span style=\"color: #ffffff;\"><\/span><\/p>\n<p><span style=\"color: #ffffff;\">Die meisten der von mir verwendeten Cookies sind so genannte \u201eSession-Cookies\u201c. Sie werden nach Ende Ihres Besuchs automatisch gel\u00f6scht. Andere Cookies bleiben auf Ihrem Endger\u00e4t gespeichert, bis Sie diese l\u00f6schen. Diese Cookies erm\u00f6glichen es mir, Ihren Browser beim n\u00e4chsten Besuch wiederzuerkennen.<\/span><\/p>\n<p><span style=\"color: #ffffff;\"><\/span><\/p>\n<p><span style=\"color: #ffffff;\">Sie k\u00f6nnen Ihren Browser so einstellen, dass Sie \u00fcber das Setzen von Cookies informiert werden und Cookies nur im Einzelfall erlauben, die Annahme von Cookies f\u00fcr bestimmte F\u00e4lle oder generell ausschlie\u00dfen sowie das automatische L\u00f6schen der Cookies beim Schlie\u00dfen des Browsers aktivieren. Bei der Deaktivierung von Cookies kann die Funktionalit\u00e4t dieser Website eingeschr\u00e4nkt sein.<\/span><\/p>\n<p><span style=\"color: #ffffff;\"><\/span><\/p>\n<p><span style=\"color: #ffffff;\"><strong>Funktionseinschr\u00e4nkungen ohne Cookies<\/strong><\/span><\/p>\n<p><span style=\"color: #ffffff;\"><\/span><\/p>\n<p><span style=\"color: #ffffff;\">Wenn Sie mir generell nicht gestatten, Cookies zu nutzen, werden gewisse Funktionen und Seiten nicht wie erwartet funktionieren.<\/span><\/p>\n<p><span style=\"color: #ffffff;\"><\/span><\/p>\n<p><span style=\"color: #ffffff;\"><strong>Cookies Widerrufen:<\/strong><\/span><\/p>\n<p><span style=\"color: #ffffff;\"><\/span><\/p>\n<p><span style=\"color: #ffffff;\"><code>[cookies_revoke]<\/code><\/span><\/p>\n<p><span style=\"color: #ffffff;\"><\/span><\/p>\n<h5 class=\"wp-block-heading\"><span style=\"color: #ffffff;\"><strong>Server-Log-Files<\/strong><\/span><\/h5>\n<p><span style=\"color: #ffffff;\"><\/span><\/p>\n<p><span style=\"color: #ffffff;\">Der Provider der Seiten erhebt und speichert automatisch Informationen in so genannten Server-Log Files, die Ihr Browser automatisch an uns \u00fcbermittelt. Dies sind:<\/span><\/p>\n<p><span style=\"color: #ffffff;\"><\/span><\/p>\n<ul class=\"wp-block-list\">\n<li style=\"list-style-type: none;\">\n<ul><\/ul>\n<\/li>\n<\/ul>\n<p>\u00a0<\/p>\n<ul>\n<li style=\"list-style-type: none;\">\n<ul>\n<li><span style=\"color: #ffffff;\">Browsertyp und Browserversion<\/span><\/li>\n<\/ul>\n<\/li>\n<\/ul>\n<p><\/p>\n<ul>\n<li style=\"list-style-type: none;\">\n<ul>\n<li><span style=\"color: #ffffff;\">verwendetes Betriebssystem<\/span><\/li>\n<\/ul>\n<\/li>\n<\/ul>\n<p><\/p>\n<ul>\n<li style=\"list-style-type: none;\">\n<ul>\n<li><span style=\"color: #ffffff;\">Referrer-URL<\/span><\/li>\n<\/ul>\n<\/li>\n<\/ul>\n<p><\/p>\n<ul>\n<li style=\"list-style-type: none;\">\n<ul>\n<li><span style=\"color: #ffffff;\">Hostname des zugreifenden Rechners<\/span><\/li>\n<\/ul>\n<\/li>\n<\/ul>\n<p><\/p>\n<ul>\n<li style=\"list-style-type: none;\">\n<ul>\n<li><span style=\"color: #ffffff;\">Uhrzeit der Serveranfrage<\/span><\/li>\n<\/ul>\n<\/li>\n<\/ul>\n<p><\/p>\n<ul>\n<li style=\"list-style-type: none;\">\n<ul>\n<li><span style=\"color: #ffffff;\">IP-Adresse<\/span><\/li>\n<\/ul>\n<\/li>\n<\/ul>\n<p><\/p>\n<p><span style=\"color: #ffffff;\"><\/span><\/p>\n<p><span style=\"color: #ffffff;\">Diese Daten sind nicht bestimmten Personen zuordenbar. Eine Zusammenf\u00fchrung dieser Daten mit anderen Datenquellen wird nicht vorgenommen. Ich behalte mir vor, diese Daten nachtr\u00e4glich zu pr\u00fcfen, wenn mir konkrete Anhaltspunkte f\u00fcr eine rechtswidrige Nutzung bekannt werden.<\/span><\/p>\n<p><span style=\"color: #ffffff;\"><\/span><\/p>\n<h5 class=\"wp-block-heading\"><span style=\"color: #ffffff;\"><strong>SSL-Verschl\u00fcsselung<\/strong><\/span><\/h5>\n<p><span style=\"color: #ffffff;\"><\/span><\/p>\n<p><span style=\"color: #ffffff;\">Diese Webseite nutzt aus Gr\u00fcnden der Sicherheit und zum Schutz der \u00dcbertragung vertraulicher Inhalte, wie zum Beispiel der Anfragen, die Sie an mich als Seitenbetreiber senden, eine SSL-Verschl\u00fcsselung. Eine verschl\u00fcsselte Verbindung erkennen Sie daran, dass die Adresszeile des Browsers von \u201ehttp:\/\/\u201c auf \u201ehttps:\/\/\u201c wechselt und an dem Schloss-Symbol in Ihrer Browserzeile.<\/span><\/p>\n<p><span style=\"color: #ffffff;\"><\/span><\/p>\n<p><span style=\"color: #ffffff;\">Wenn die SSL Verschl\u00fcsselung aktiviert ist, k\u00f6nnen die Daten, die Sie an mich \u00fcbermitteln, nicht von Dritten mitgelesen werden.<\/span><\/p>\n<p><span style=\"color: #ffffff;\"><\/span><\/p>\n<h5 class=\"wp-block-heading\"><span style=\"color: #ffffff;\"><strong>Datenschutzerkl\u00e4rung f\u00fcr die Nutzung von Google Analytics<\/strong><\/span><\/h5>\n<p><span style=\"color: #ffffff;\"><\/span><\/p>\n<p><span style=\"color: #ffffff;\">Diese Website benutzt Google Analytics, einen Webanalysedienst der Google Inc. (\u201eGoogle\u201c). Google Analytics verwendet sog. \u201eCookies\u201c, Textdateien, die auf Ihrem Computer gespeichert werden und die eine Analyse der Benutzung der Website durch Sie erm\u00f6glichen. Die durch die Cookies erzeugten Informationen \u00fcber Ihre Benutzung dieser Website werden in der Regel an einen Server von Google in den USA \u00fcbertragen und dort gespeichert. Im Falle der Aktivierung der IP-Anonymisierung auf dieser Webseite wird Ihre IP-Adresse von Google jedoch innerhalb von Mitgliedstaaten der Europ\u00e4ischen Union oder in anderen Vertragsstaaten des Abkommens \u00fcber den Europ\u00e4ischen Wirtschaftsraum zuvor gek\u00fcrzt. Nur in Ausnahmef\u00e4llen wird die volle IP-Adresse an einen Server von Google in den USA \u00fcbertragen und dort gek\u00fcrzt. Im Auftrag des Betreibers dieser Website wird Google diese Informationen benutzen, um Ihre Nutzung der Website auszuwerten, um Reports \u00fcber die Websiteaktivit\u00e4ten zusammenzustellen und um weitere mit der Websitenutzung und der Internetnutzung verbundene Dienstleistungen gegen\u00fcber dem Websitebetreiber zu erbringen. Die im Rahmen von Google Analytics von Ihrem Browser \u00fcbermittelte IP-Adresse wird nicht mit anderen Daten von Google zusammengef\u00fchrt. Sie k\u00f6nnen die Speicherung der Cookies durch eine entsprechende Einstellung Ihrer Browser-Software verhindern; ich weise Sie jedoch darauf hin, dass Sie in diesem Fall gegebenenfalls nicht s\u00e4mtliche Funktionen dieser Webseite vollumf\u00e4nglich werden nutzen k\u00f6nnen. Sie k\u00f6nnen dar\u00fcber hinaus die Erfassung der durch die Cookies erzeugten und auf Ihre Nutzung der Website bezogenen Daten (inkl. Ihrer IP-Adresse) an Google sowie die Verarbeitung dieser Daten durch Google verhindern, indem sie das unter dem folgenden Link (<a style=\"color: #ffffff;\" href=\"http:\/\/tools.google.com\/dlpage\/gaoptout?hl=de\">http:\/\/tools.google.com\/dlpage\/gaoptout?hl=de<\/a>) verf\u00fcgbare Browser-Plugin herunterladen und installieren.<\/span><\/p>\n<p><span style=\"color: #ffffff;\"><\/span><\/p>\n<p><span style=\"color: #ffffff;\"><strong>N\u00e4here Informationen zu Nutzungsbedingungen und Datenschutz<\/strong>\u00a0finden Sie unter\u00a0<a style=\"color: #ffffff;\" href=\"http:\/\/www.google.com\/analytics\/terms\/de.html\">http:\/\/www.google.com\/analytics\/terms\/de.html\u00a0<\/a>bzw. unter\u00a0<a style=\"color: #ffffff;\" href=\"https:\/\/support.google.com\/analytics\/answer\/6004245?hl=de\">https:\/\/support.google.com\/analytics\/answer\/6004245?hl=de<\/a>. Ich weise Sie darauf hin, dass auf dieser Webseite Google Analytics um den Code \u201egat._anonymizeIp();\u201c erweitert wurde, um eine anonymisierte Erfassung von IP-Adressen (sog. IP-Masking) zu gew\u00e4hrleisten.<\/span><\/p>\n<p><span style=\"color: #ffffff;\"><\/span><\/p>\n<h5 class=\"wp-block-heading\"><span style=\"color: #ffffff;\"><strong>Datenschutzerkl\u00e4rung f\u00fcr die Nutzung von Facebook und Instagram\u00a0<\/strong><\/span><\/h5>\n<p><span style=\"color: #ffffff;\"><\/span><\/p>\n<p><span style=\"color: #ffffff;\">Auf meiner Seite sind Plugins des sozialen Netzwerks Facebook, 1601 South California Avenue, Palo Alto, CA 94304, USA integriert. Die Facebook und Instagram-Plugins erkennen Sie an dem jeweiligen Logo oder dem \u201eLike-Button\u201c (\u201eGef\u00e4llt mir\u201c) auf meiner Seite. Eine \u00dcbersicht \u00fcber die Facebook-Plugins finden Sie hier:\u00a0<a style=\"color: #ffffff;\" href=\"https:\/\/developers.facebook.com\/docs\/plugins\/\">https:\/\/developers.facebook.com\/docs\/plugins\/.<\/a><\/span><br \/><span style=\"color: #ffffff;\"><a style=\"color: #ffffff;\" href=\"https:\/\/developers.facebook.com\/docs\/instagram\/oembed\">https:\/\/developers.facebook.com\/docs\/instagram\/oembed<\/a><\/span><\/p>\n<p><span style=\"color: #ffffff;\"><\/span><\/p>\n<p><span style=\"color: #ffffff;\">Wenn Sie meine Seiten besuchen, wird \u00fcber das Plugin eine direkte Verbindung zwischen Ihrem Browser und dem Facebook-Server hergestellt. Facebook erh\u00e4lt dadurch die Information, dass Sie mit Ihrer IP-Adresse meine Seiten besucht haben. Wenn Sie den Facebook \u201eLike-Button\u201c anklicken, w\u00e4hrend Sie in Ihrem Facebook-Account eingeloggt sind, k\u00f6nnen Sie die Inhalte meiner Seiten auf Ihrem Facebook-Profil verlinken. Dadurch kann Facebook den Besuch meiner Seiten Ihrem Benutzerkonto zuordnen. Wir weisen darauf hin, dass ich als Anbieter der Seiten keine Kenntnis vom Inhalt der \u00fcbermittelten Daten sowie deren Nutzung durch Facebook erhalten. Weitere Informationen hierzu finden Sie in der Datenschutzerkl\u00e4rung von Facebook unter\u00a0<a style=\"color: #ffffff;\" href=\"https:\/\/www.facebook.com\/policy.php\">https:\/\/www.facebook.com\/policy.php<\/a>. Wenn Sie nicht w\u00fcnschen, dass Facebook den Besuch meiner Seiten Ihrem Facebook- Nutzerkonto zuordnen kann, loggen Sie sich bitte aus Ihrem Facebook-Benutzerkonto aus.<\/span><\/p>\n<p><span style=\"color: #ffffff;\"><\/span><\/p>\n<h5 class=\"wp-block-heading\">\u00a0<\/h5>\n<p><span style=\"color: #ffffff;\"><\/span><\/p>\n<h5 class=\"wp-block-heading\"><span style=\"color: #ffffff;\"><strong>Datenschutzerkl\u00e4rung f\u00fcr die Nutzung von LinkedIn<\/strong><\/span><\/h5>\n<p><span style=\"color: #ffffff;\"><\/span><\/p>\n<p><span style=\"color: #ffffff;\">Meine Webseite nutzt Funktionen des Social Media Netzwerks LinkedIn. Anbieter ist LinkedIn Ireland Unlimited Company Wilton Place, Dublin 2, Ireland.\u00a0Bei jedem Abruf einer meiner Seiten, die Funktionen von LinkedIn enth\u00e4lt, wird eine Verbindung zu Servern von LinkedIn hergestellt. LinkedIn wird m\u00f6glicherweise dar\u00fcber informiert, dass Sie meine Internetseiten mit Ihrer IP-Adresse besucht haben. Wenn Sie die Buttons von LinkedIn anklicken und in Ihrem Account bei LinkedIn eingeloggt sind, ist es LinkedIn unter Umst\u00e4nden m\u00f6glich, Ihren Besuch auf meiner Internetseite Ihnen und Ihrem Benutzerkonto zuzuordnen. Ich weise darauf hin, dass ich als Anbieter der Seiten keine Kenntnis vom Inhalt der \u00fcbermittelten Daten sowie deren Nutzung durch LinkedIn haben. Weitere Information zum Datenschutz bei LinkedIn finden Sie in der Datenschutzerkl\u00e4rung unter\u00a0<a style=\"color: #ffffff;\" href=\"https:\/\/de.linkedin.com\/legal\/privacy-policy?_l=de_DE\">https:\/\/de.linkedin.com\/legal\/privacy-policy?_l=de_DE<\/a><\/span><\/p>\n<p><span style=\"color: #ffffff;\"><\/span><\/p>\n<h5 class=\"wp-block-heading\">\u00a0<\/h5>\n<p><span style=\"color: #ffffff;\"><\/span><\/p>\n<p><span style=\"color: #ffffff;\">\u00a9 2022 Verein Tonspuren<\/span><\/p>\n<p><span style=\"color: #ffffff;\"><\/span><\/p>\n<p>\u00a0<\/p>\n<p><\/p>\t\t\t\t\t\t\t\t<\/div>\n\t\t\t\t<\/div>\n\t\t\t\t\t<\/div>\n\t\t\t\t<\/div>\n\t\t\t\t<\/div>\n\t\t","protected":false},"excerpt":{"rendered":"<p>Verantwortliche: Andreas SilldorffPaul Troger-Gasse 12A\/17, 2700 Wr. Neustadt Info@tonspuren.org Allgemeines Der Schutz und die Sicherheit Ihrer pers\u00f6nlichen Daten ist.<\/p>\n","protected":false},"author":1,"featured_media":0,"parent":0,"menu_order":2,"comment_status":"closed","ping_status":"closed","template":"","meta":{"footnotes":""},"class_list":["post-3","page","type-page","status-publish","hentry"],"yoast_head":"<!-- This site is optimized with the Yoast SEO plugin v27.4 - https:\/\/yoast.com\/product\/yoast-seo-wordpress\/ -->\n<title>Datenschutzerkl\u00e4rung - TONSPUREN 2026<\/title>\n<meta name=\"robots\" content=\"index, follow, max-snippet:-1, max-image-preview:large, max-video-preview:-1\" \/>\n<link rel=\"canonical\" href=\"https:\/\/tonspuren.org\/?page_id=3\" \/>\n<meta property=\"og:locale\" content=\"de_DE\" \/>\n<meta property=\"og:type\" content=\"article\" \/>\n<meta property=\"og:title\" content=\"Datenschutzerkl\u00e4rung - TONSPUREN 2026\" \/>\n<meta property=\"og:description\" content=\"Verantwortliche: Andreas SilldorffPaul Troger-Gasse 12A\/17, 2700 Wr. Neustadt Info@tonspuren.org Allgemeines Der Schutz und die Sicherheit Ihrer pers\u00f6nlichen Daten ist.\" \/>\n<meta property=\"og:url\" content=\"https:\/\/tonspuren.org\/?page_id=3\" \/>\n<meta property=\"og:site_name\" content=\"TONSPUREN 2026\" \/>\n<meta property=\"article:publisher\" content=\"https:\/\/www.facebook.com\/profile.php?id=61550600819924&amp;locale=de_DE\" \/>\n<meta property=\"article:modified_time\" content=\"2024-05-22T09:33:04+00:00\" \/>\n<meta name=\"twitter:card\" content=\"summary_large_image\" \/>\n<meta name=\"twitter:label1\" content=\"Gesch\u00e4tzte Lesezeit\" \/>\n\t<meta name=\"twitter:data1\" content=\"11 Minuten\" \/>\n<script type=\"application\/ld+json\" class=\"yoast-schema-graph\">{\"@context\":\"https:\\\/\\\/schema.org\",\"@graph\":[{\"@type\":\"WebPage\",\"@id\":\"https:\\\/\\\/tonspuren.org\\\/?page_id=3\",\"url\":\"https:\\\/\\\/tonspuren.org\\\/?page_id=3\",\"name\":\"Datenschutzerkl\u00e4rung - TONSPUREN 2026\",\"isPartOf\":{\"@id\":\"https:\\\/\\\/tonspuren.org\\\/#website\"},\"datePublished\":\"2024-05-02T13:38:35+00:00\",\"dateModified\":\"2024-05-22T09:33:04+00:00\",\"breadcrumb\":{\"@id\":\"https:\\\/\\\/tonspuren.org\\\/?page_id=3#breadcrumb\"},\"inLanguage\":\"de-AT\",\"potentialAction\":[{\"@type\":\"ReadAction\",\"target\":[\"https:\\\/\\\/tonspuren.org\\\/?page_id=3\"]}]},{\"@type\":\"BreadcrumbList\",\"@id\":\"https:\\\/\\\/tonspuren.org\\\/?page_id=3#breadcrumb\",\"itemListElement\":[{\"@type\":\"ListItem\",\"position\":1,\"name\":\"Startseite\",\"item\":\"https:\\\/\\\/tonspuren.org\\\/\"},{\"@type\":\"ListItem\",\"position\":2,\"name\":\"Datenschutzerkl\u00e4rung\"}]},{\"@type\":\"WebSite\",\"@id\":\"https:\\\/\\\/tonspuren.org\\\/#website\",\"url\":\"https:\\\/\\\/tonspuren.org\\\/\",\"name\":\"TONSPUREN 2024\",\"description\":\"Verein zur F\u00f6rderung von Kunst und Kultur\",\"publisher\":{\"@id\":\"https:\\\/\\\/tonspuren.org\\\/#organization\"},\"potentialAction\":[{\"@type\":\"SearchAction\",\"target\":{\"@type\":\"EntryPoint\",\"urlTemplate\":\"https:\\\/\\\/tonspuren.org\\\/?s={search_term_string}\"},\"query-input\":{\"@type\":\"PropertyValueSpecification\",\"valueRequired\":true,\"valueName\":\"search_term_string\"}}],\"inLanguage\":\"de-AT\"},{\"@type\":\"Organization\",\"@id\":\"https:\\\/\\\/tonspuren.org\\\/#organization\",\"name\":\"TONSPUREN 2024\",\"url\":\"https:\\\/\\\/tonspuren.org\\\/\",\"logo\":{\"@type\":\"ImageObject\",\"inLanguage\":\"de-AT\",\"@id\":\"https:\\\/\\\/tonspuren.org\\\/#\\\/schema\\\/logo\\\/image\\\/\",\"url\":\"https:\\\/\\\/tonspuren.org\\\/wp-content\\\/uploads\\\/2024\\\/05\\\/Dein-Abschnittstext.png\",\"contentUrl\":\"https:\\\/\\\/tonspuren.org\\\/wp-content\\\/uploads\\\/2024\\\/05\\\/Dein-Abschnittstext.png\",\"width\":1748,\"height\":1240,\"caption\":\"TONSPUREN 2024\"},\"image\":{\"@id\":\"https:\\\/\\\/tonspuren.org\\\/#\\\/schema\\\/logo\\\/image\\\/\"},\"sameAs\":[\"https:\\\/\\\/www.facebook.com\\\/profile.php?id=61550600819924&locale=de_DE\"]}]}<\/script>\n<!-- \/ Yoast SEO plugin. -->","yoast_head_json":{"title":"Datenschutzerkl\u00e4rung - TONSPUREN 2026","robots":{"index":"index","follow":"follow","max-snippet":"max-snippet:-1","max-image-preview":"max-image-preview:large","max-video-preview":"max-video-preview:-1"},"canonical":"https:\/\/tonspuren.org\/?page_id=3","og_locale":"de_DE","og_type":"article","og_title":"Datenschutzerkl\u00e4rung - TONSPUREN 2026","og_description":"Verantwortliche: Andreas SilldorffPaul Troger-Gasse 12A\/17, 2700 Wr. Neustadt Info@tonspuren.org Allgemeines Der Schutz und die Sicherheit Ihrer pers\u00f6nlichen Daten ist.","og_url":"https:\/\/tonspuren.org\/?page_id=3","og_site_name":"TONSPUREN 2026","article_publisher":"https:\/\/www.facebook.com\/profile.php?id=61550600819924&locale=de_DE","article_modified_time":"2024-05-22T09:33:04+00:00","twitter_card":"summary_large_image","twitter_misc":{"Gesch\u00e4tzte Lesezeit":"11 Minuten"},"schema":{"@context":"https:\/\/schema.org","@graph":[{"@type":"WebPage","@id":"https:\/\/tonspuren.org\/?page_id=3","url":"https:\/\/tonspuren.org\/?page_id=3","name":"Datenschutzerkl\u00e4rung - TONSPUREN 2026","isPartOf":{"@id":"https:\/\/tonspuren.org\/#website"},"datePublished":"2024-05-02T13:38:35+00:00","dateModified":"2024-05-22T09:33:04+00:00","breadcrumb":{"@id":"https:\/\/tonspuren.org\/?page_id=3#breadcrumb"},"inLanguage":"de-AT","potentialAction":[{"@type":"ReadAction","target":["https:\/\/tonspuren.org\/?page_id=3"]}]},{"@type":"BreadcrumbList","@id":"https:\/\/tonspuren.org\/?page_id=3#breadcrumb","itemListElement":[{"@type":"ListItem","position":1,"name":"Startseite","item":"https:\/\/tonspuren.org\/"},{"@type":"ListItem","position":2,"name":"Datenschutzerkl\u00e4rung"}]},{"@type":"WebSite","@id":"https:\/\/tonspuren.org\/#website","url":"https:\/\/tonspuren.org\/","name":"TONSPUREN 2024","description":"Verein zur F\u00f6rderung von Kunst und Kultur","publisher":{"@id":"https:\/\/tonspuren.org\/#organization"},"potentialAction":[{"@type":"SearchAction","target":{"@type":"EntryPoint","urlTemplate":"https:\/\/tonspuren.org\/?s={search_term_string}"},"query-input":{"@type":"PropertyValueSpecification","valueRequired":true,"valueName":"search_term_string"}}],"inLanguage":"de-AT"},{"@type":"Organization","@id":"https:\/\/tonspuren.org\/#organization","name":"TONSPUREN 2024","url":"https:\/\/tonspuren.org\/","logo":{"@type":"ImageObject","inLanguage":"de-AT","@id":"https:\/\/tonspuren.org\/#\/schema\/logo\/image\/","url":"https:\/\/tonspuren.org\/wp-content\/uploads\/2024\/05\/Dein-Abschnittstext.png","contentUrl":"https:\/\/tonspuren.org\/wp-content\/uploads\/2024\/05\/Dein-Abschnittstext.png","width":1748,"height":1240,"caption":"TONSPUREN 2024"},"image":{"@id":"https:\/\/tonspuren.org\/#\/schema\/logo\/image\/"},"sameAs":["https:\/\/www.facebook.com\/profile.php?id=61550600819924&locale=de_DE"]}]}},"_links":{"self":[{"href":"https:\/\/tonspuren.org\/index.php?rest_route=\/wp\/v2\/pages\/3","targetHints":{"allow":["GET"]}}],"collection":[{"href":"https:\/\/tonspuren.org\/index.php?rest_route=\/wp\/v2\/pages"}],"about":[{"href":"https:\/\/tonspuren.org\/index.php?rest_route=\/wp\/v2\/types\/page"}],"author":[{"embeddable":true,"href":"https:\/\/tonspuren.org\/index.php?rest_route=\/wp\/v2\/users\/1"}],"replies":[{"embeddable":true,"href":"https:\/\/tonspuren.org\/index.php?rest_route=%2Fwp%2Fv2%2Fcomments&post=3"}],"version-history":[{"count":8,"href":"https:\/\/tonspuren.org\/index.php?rest_route=\/wp\/v2\/pages\/3\/revisions"}],"predecessor-version":[{"id":1272,"href":"https:\/\/tonspuren.org\/index.php?rest_route=\/wp\/v2\/pages\/3\/revisions\/1272"}],"wp:attachment":[{"href":"https:\/\/tonspuren.org\/index.php?rest_route=%2Fwp%2Fv2%2Fmedia&parent=3"}],"curies":[{"name":"wp","href":"https:\/\/api.w.org\/{rel}","templated":true}]}}